{"id":1511,"date":"2025-05-14T12:20:15","date_gmt":"2025-05-14T10:20:15","guid":{"rendered":"https:\/\/circulearth.stimodele.eu\/membre\/manon-assier\/"},"modified":"2025-09-26T15:29:57","modified_gmt":"2025-09-26T13:29:57","slug":"manon-assier","status":"publish","type":"membre","link":"https:\/\/circulearth.com\/es\/miembro\/manon-assier\/","title":{"rendered":"Manon Assier"},"content":{"rendered":"\n<p>Comprometida con las cuestiones medioambientales, <strong>Manon Assier<\/strong> posee un M\u00e1ster en derecho medioambiental europeo e internacional, con especializaci\u00f3n en pol\u00edticas de econom\u00eda circular y desarrollo de pol\u00edticas p\u00fablicas, especialmente a escala europea.<\/p>\n\n<p>Con dos a\u00f1os de experiencia en el \u00e1mbito de la circularidad en dispositivos de <strong>Responsabilidad Ampliada del Productor (RAP)<\/strong> \u2014en particular en los sectores del envasado y los residuos sanitarios de riesgo infeccioso\u2014 Manon ha adquirido una s\u00f3lida experiencia en <strong>marcos normativos<\/strong> y en <strong>implementaci\u00f3n de pol\u00edticas<\/strong>, tanto en Francia como a nivel europeo.<\/p>\n\n<p>Actualmente en <strong>Circulearth<\/strong>, acompa\u00f1a a los actores p\u00fablicos y privados en la comprensi\u00f3n y estructuraci\u00f3n de sus pol\u00edticas de econom\u00eda circular. Su experiencia abarca las <strong>normativas e iniciativas europeas e internacionales<\/strong> relacionadas con la circularidad, con especial \u00e9nfasis en <strong>envases, textiles, dispositivos RAP, informaci\u00f3n al consumidor<\/strong> y <strong>gesti\u00f3n de residuos<\/strong>. Realiza an\u00e1lisis exhaustivos, investigaciones espec\u00edficas y propone recomendaciones estrat\u00e9gicas para ayudar a las organizaciones a <strong>anticipar y cumplir<\/strong> con las evoluciones normativas.<\/p>\n\n<p>Paralelamente a su actividad de consultor\u00eda, Manon realiza un <strong>seguimiento normativo activo<\/strong> en Francia y a nivel europeo, as\u00ed como una vigilancia de las grandes tendencias en otros pa\u00edses europeos. Tambi\u00e9n dise\u00f1a e imparte <strong>programas de formaci\u00f3n a medida<\/strong> dirigidos a diferentes p\u00fablicos \u2014empresas, ONG, instituciones\u2014 para permitirles comprender mejor las pol\u00edticas en curso e integrar los principios de la econom\u00eda circular en sus estrategias.<\/p>\n\n<h3 class=\"wp-block-heading\">Competencias clave:<\/h3>\n\n<p>\u2714 <strong>An\u00e1lisis legislativo y normativo en econom\u00eda circular<\/strong>: 2 a\u00f1os de experiencia en el an\u00e1lisis de textos como la Directiva sobre pl\u00e1sticos de un solo uso, la Directiva\/Reglamento sobre envases y residuos de envases, la Directiva marco sobre residuos, la Directiva sobre traslados de residuos, la Directiva sobre pr\u00e1cticas comerciales desleales, la Directiva sobre alegaciones medioambientales (Green Claims), el Reglamento sobre ecodise\u00f1o de productos sostenibles, as\u00ed como otros textos internacionales.<br\/>\u2714 <strong>Responsabilidad Ampliada del Productor (RAP)<\/strong>: 2 a\u00f1os de experiencia en organizaciones de responsabilidad del productor (PRO), en los aspectos <strong>operativos<\/strong> y <strong>financieros<\/strong>.<\/p>\n","protected":false},"featured_media":1512,"template":"","class_list":["post-1511","membre","type-membre","status-publish","has-post-thumbnail"],"acf":[],"_links":{"self":[{"href":"https:\/\/circulearth.com\/es\/wp-json\/wp\/v2\/membre\/1511","targetHints":{"allow":["GET"]}}],"collection":[{"href":"https:\/\/circulearth.com\/es\/wp-json\/wp\/v2\/membre"}],"about":[{"href":"https:\/\/circulearth.com\/es\/wp-json\/wp\/v2\/types\/membre"}],"wp:featuredmedia":[{"embeddable":true,"href":"https:\/\/circulearth.com\/es\/wp-json\/wp\/v2\/media\/1512"}],"wp:attachment":[{"href":"https:\/\/circulearth.com\/es\/wp-json\/wp\/v2\/media?parent=1511"}],"curies":[{"name":"wp","href":"https:\/\/api.w.org\/{rel}","templated":true}]}}